{"id":1409,"date":"2024-01-14T13:42:30","date_gmt":"2024-01-14T13:42:30","guid":{"rendered":"https:\/\/bozsogiattila.hu\/?page_id=1409"},"modified":"2024-01-15T19:25:47","modified_gmt":"2024-01-15T19:25:47","slug":"emlekeim-szuletesemtol-a-krematoriumig","status":"publish","type":"page","link":"https:\/\/bozsogiattila.hu\/?page_id=1409","title":{"rendered":"EML\u00c9KEIM"},"content":{"rendered":"\n<div class=\"wp-block-cover alignfull has-custom-content-position is-position-top-left\" style=\"margin-top:0;padding-top:5vw;padding-right:5vw;padding-bottom:5vw;padding-left:5vw;min-height:155px;aspect-ratio:unset;\"><span aria-hidden=\"true\" class=\"wp-block-cover__background has-background-dim-90 has-background-dim\" style=\"background-color:#141414\"><\/span><img decoding=\"async\" class=\"wp-block-cover__image-background wp-image-333\" alt=\"\" src=\"https:\/\/pd.w.org\/2022\/07\/87262c92d42acd1c3.73206444.jpg\" style=\"object-position:51% 15%\" data-object-fit=\"cover\" data-object-position=\"51% 15%\"\/><div class=\"wp-block-cover__inner-container is-layout-flow wp-block-cover-is-layout-flow\">\n<div class=\"wp-block-group wp-container-content-9cfa9a5a is-vertical is-nowrap is-layout-flex wp-container-core-group-is-layout-694522eb wp-block-group-is-layout-flex\">\n<p class=\"has-text-align-left has-text-color has-source-serif-pro-font-family wp-block-paragraph\" style=\"color:#d8a557;font-size:62px;font-style:italic;font-weight:900;letter-spacing:-4px;line-height:0.8;text-transform:none\">EML\u00c9KEIM<\/p>\n<\/div>\n\n\n\n<p class=\"wp-block-paragraph\" style=\"font-size:17px;font-style:normal;font-weight:700\">Sz\u00fclet\u00e9semt\u0151l a kremat\u00f3riumig<\/p>\n<\/div><\/div>\n\n\n\n<pre class=\"wp-block-verse\">A saj\u00e1tos st\u00edlusban \u00edrt \u00f6n\u00e9letrajzi esem\u00e9nysor, k\u00fcl\u00f6n\u00f6s kort\u00f6rt\u00e9neti jelent\u00e9ssel is b\u00edr, melyeket Bozsogi Attila \u00e9lett\u00f6rt\u00e9net\u00e9nek meg\u00f6r\u00f6k\u00edt\u00e9se c\u00e9lj\u00e1b\u00f3l jegyzett le. Ez a 334 oldalas dokumentum k\u00f6nyv form\u00e1j\u00e1ban is megjelent, amely szem\u00e9lyes hangv\u00e9telben mutatja be a szerz\u0151 \u00e9let\u00e9nek \u00e9s t\u00f6rt\u00e9nelm\u00fcnknek legfontosabb pillanatait, melyek nagyr\u00e9sze egybeforrt Mak\u00f3 mindennapjainak meg\u00f6r\u00f6k\u00edt\u00e9s\u00e9vel is. A fejezeteket olvasva \u00e1tfog\u00f3 k\u00e9pet kapunk teh\u00e1t a 20. sz\u00e1zad alf\u00f6ldi kisv\u00e1ros\u00e1nak mindennapjair\u00f3l \u00e9s az ott \u00e9l\u0151k szem\u00e9lyes \u00fcgyeir\u0151l is.<\/pre>\n\n\n\n<blockquote class=\"wp-block-quote is-layout-flow wp-block-quote-is-layout-flow\">\n<p class=\"wp-block-paragraph\" style=\"font-style:italic;font-weight:200\">Mott\u00f3:<br>Egy nagyon cs\u00fanya asszony kij\u00f6tt a sz\u00e9ps\u00e9gszalonb\u00f3l,<br>az ajt\u00f3ban \u00f6sszetal\u00e1lkozott a f\u00e9rj\u00e9vel, aki r\u00e1n\u00e9zett, \u00e9s<br>csak annyit mondott: &#8211; \u201eLegal\u00e1bb megpr\u00f3b\u00e1ltad\u201d! &#8211;<br>\u201e\u00c9n is megpr\u00f3b\u00e1ltam, hogy tudok e k\u00f6nyvet \u00edrni?\u201d<\/p>\n<\/blockquote>\n\n\n\n<p class=\"wp-block-paragraph\">Prol\u00f3g<br><a href=\"https:\/\/bozsogiattila.hu\/?p=1422\">Sz\u00fclet\u00e9semt\u0151l a Kremat\u00f3riumig<\/a><br><a href=\"https:\/\/bozsogiattila.hu\/?p=1426\">Az els\u0151 vil\u00e1gh\u00e1bor\u00fa kit\u00f6r\u00e9se<\/a><br><a href=\"https:\/\/bozsogiattila.hu\/?p=1430\">Sz\u00fcleim<\/a><br><a href=\"https:\/\/bozsogiattila.hu\/?p=1433\">A II. vil\u00e1gh\u00e1bor\u00fa el\u0151zm\u00e9nye<\/a><br><a href=\"https:\/\/bozsogiattila.hu\/?p=1437\">Milyen is volt 1944-ben Mak\u00f3n<\/a><br><a href=\"https:\/\/bozsogiattila.hu\/?p=1440\">A mak\u00f3i zsid\u00f3k<\/a><br><a href=\"https:\/\/bozsogiattila.hu\/?p=1442\">Vissza a gyermekkoromhoz<\/a><br><a href=\"https:\/\/bozsogiattila.hu\/?p=1445\">Beiratkoz\u00e1s az \u00f3vod\u00e1ba<\/a><br><a href=\"https:\/\/bozsogiattila.hu\/?p=1451\">A II. vil\u00e1gh\u00e1bor\u00fa v\u00e9ge<\/a><br><a href=\"https:\/\/bozsogiattila.hu\/?p=1448\">R\u00e1kosi M\u00e1ty\u00e1s kora<\/a><br><a href=\"https:\/\/bozsogiattila.hu\/?p=1454\">\u00c1llamos\u00edt\u00e1s<\/a><br><a href=\"https:\/\/bozsogiattila.hu\/?p=1456\">Iskol\u00e1s korom kezdete<\/a><br><a href=\"https:\/\/bozsogiattila.hu\/?p=1459\">Az infl\u00e1ci\u00f3 el\u0151zm\u00e9nye \u00e9s kialakul\u00e1sa<\/a><br><a href=\"https:\/\/bozsogiattila.hu\/?p=1464\">Aeros cirkusz<\/a><br><a href=\"https:\/\/bozsogiattila.hu\/?p=1466\">Ny\u00e1ri sz\u00fcnet<\/a><br><a href=\"https:\/\/bozsogiattila.hu\/?p=1469\">Galambok<\/a><br><a href=\"https:\/\/bozsogiattila.hu\/?p=1472\">A zene \u00e9s a torna<\/a><br><a href=\"https:\/\/bozsogiattila.hu\/?p=1474\">Pataki Ferenc olimpiai bajnok<\/a><br><a href=\"https:\/\/bozsogiattila.hu\/?p=1477\">\u00c1ltal\u00e1nos iskolai zenekarom<\/a><br><a href=\"https:\/\/bozsogiattila.hu\/?p=1480\">Papok \u00e9s a hittan<\/a><br><a href=\"https:\/\/bozsogiattila.hu\/?p=1483\">Mindszenti (Pehm) J\u00f3zsef<\/a><br><a href=\"https:\/\/bozsogiattila.hu\/?p=1486\">Sz\u0151l\u0151si Jen\u0151<\/a><br><a href=\"https:\/\/bozsogiattila.hu\/?p=1488\">Az \u00e1ltal\u00e1nos iskola befejez\u00e9se<\/a><br><a href=\"https:\/\/bozsogiattila.hu\/?p=1491\">A belv\u00e1rosi Reform\u00e1tus Templom<\/a><br><a href=\"https:\/\/bozsogiattila.hu\/?p=1493\">Az oszt\u00e1ly hatf\u0151s brig\u00e1dja<\/a><br><a href=\"https:\/\/bozsogiattila.hu\/?p=1495\">Gyapotszed\u00e9s<\/a><br><a href=\"https:\/\/bozsogiattila.hu\/?p=1498\">Ballag\u00e1s a nyolcadik oszt\u00e1lyb\u00f3l<\/a><br><a href=\"https:\/\/bozsogiattila.hu\/?p=1501\">Ballag az orsz\u00e1g <\/a><br><a href=\"https:\/\/bozsogiattila.hu\/?p=1503\">Gimn\u00e1zium<\/a><br><a href=\"https:\/\/bozsogiattila.hu\/?p=1511\">G\u00f6l\u00f6ncs\u00e9rek \u00e9s az agyagb\u00e1nya<\/a><br><a href=\"https:\/\/bozsogiattila.hu\/?p=1513\">Torna a gimiben<\/a><br><a href=\"https:\/\/bozsogiattila.hu\/?p=1516\">Tab\u00e1nyi Mih\u00e1ly<\/a><br><a href=\"https:\/\/bozsogiattila.hu\/?p=1519\">Az utols\u00f3 tornaverseny<\/a><br><a href=\"https:\/\/bozsogiattila.hu\/?p=1524\">A harmonik<\/a>a<br><a href=\"https:\/\/bozsogiattila.hu\/?p=1528\">Gimi zenekar alakul\u00e1sa<\/a><br><a href=\"https:\/\/bozsogiattila.hu\/?p=1531\">Artist\u00e1k<\/a><br><a href=\"https:\/\/bozsogiattila.hu\/?p=1533\">Maros-part<\/a><br><a href=\"https:\/\/bozsogiattila.hu\/?p=1537\">Az 1956-os forradalom<\/a><br><a href=\"https:\/\/bozsogiattila.hu\/?p=1540\">1956 Mak\u00f3n<\/a><br><a href=\"https:\/\/bozsogiattila.hu\/?p=1543\">Epiz\u00f3dok \u2013 Udvarhelyi \u00c9va<\/a> <br><a href=\"https:\/\/bozsogiattila.hu\/?p=1545\">Szatm\u00e1ri Sany<\/a>i <br><a href=\"https:\/\/bozsogiattila.hu\/?p=1548\">Varga \u00c1kos<\/a> <br><a href=\"https:\/\/bozsogiattila.hu\/?p=1550\">F\u00e1tyol Zenekar<\/a> <br><a href=\"https:\/\/bozsogiattila.hu\/?p=1553\">Mak\u00f3i F\u00e1tyol Misi<\/a> <br><a href=\"https:\/\/bozsogiattila.hu\/?p=1556\">Korona sz\u00e1ll\u00f3 Mak\u00f3 <\/a><br><a href=\"https:\/\/bozsogiattila.hu\/?p=1559\">Kezd\u0151dik a zen\u00e9sz \u00e9let <\/a><br><a href=\"https:\/\/bozsogiattila.hu\/?p=1561\">Kov\u00e1cs Lajosn\u00e9<\/a> <br><a href=\"https:\/\/bozsogiattila.hu\/?p=1563\">T\u00e1nciskola Ap\u00e1tfalv\u00e1n<\/a><br><a href=\"https:\/\/bozsogiattila.hu\/?p=1565\">Anekdota Ap\u00e1tfalv\u00e1r\u00f3l<\/a><br><a href=\"https:\/\/bozsogiattila.hu\/?p=1567\">Csan\u00e1dpalota<\/a> <br><a href=\"https:\/\/bozsogiattila.hu\/?p=1571\">Maroslele<\/a> <br><a href=\"https:\/\/bozsogiattila.hu\/?p=1573\">Szekeres Julianna<\/a> <br><a href=\"https:\/\/bozsogiattila.hu\/?p=1576\">A N\u00e9plavort\u00f3l a Hagymatikumig<\/a> 162<br><a href=\"https:\/\/bozsogiattila.hu\/?p=1579\">Mak\u00f3: Makovecz Imre f\u00fcrd\u0151je<\/a> 164<br><a href=\"https:\/\/bozsogiattila.hu\/?p=1581\">A Szent Artics\u00f3ka<\/a> 167<br><a href=\"https:\/\/bozsogiattila.hu\/?p=1583\">Gondolatok F\u00f6ldes Andr\u00e1s \u00edr\u00e1sa nyom\u00e1n<\/a> 170<br><a href=\"https:\/\/bozsogiattila.hu\/?p=1585\">Honv\u00e9ds\u00e9g \u2013 Szentes<\/a> 174<br>Honv\u00e9ds\u00e9g \u2013 Baja 187<br>Jelky Andr\u00e1s 194<br>\u00dajb\u00f3l Mak\u00f3n 203<br>A Melody zenekar \u00f6ssze\u00e1ll\u00edt\u00e1sa 204<br>Pint\u00e9r Ferenc 205<br>In Memoriam Pint\u00e9r Ferenc 206<br>Pint\u00e9r Ferenc eml\u00e9k\u00e9re 207<br>Katasztr\u00f3fav\u00e9delem 207<br>Attila 208<br>Marosi \u00e1rv\u00edz 210<br>1970-es mak\u00f3i \u00e1rv\u00edz 211<br>Attila \u00f3vod\u00e1ban 214<br>Mak\u00f3i eml\u00e9keim 215<br>Botond 223<br>Az Aranycsapat 228<br>A Megv\u00e1lt\u00f3 Krisztus szobra 233<br>T\u0171zf\u00f6ld 235<br>Panama-csatorna 237<br>Az esk\u00fcv\u0151 244<br>Anna Zs\u00f3ka 246<br>Gondolatok 248<br>Mira J\u00e1zmin 249<br>Unok\u00e1m sz\u00fcletett 250<br>A levezet\u00e9s id\u0151szaka 251<br>Felmegyek az \u00daristenhez 253<br>Cimbi 254<br>Temet\u0151ben muzsik\u00e1lna 255<br>Z\u00fcll\u00f6tt ember lettem 256<br>Eml\u00e9kez\u00e9s Ivanics G\u00e9z\u00e1ra 257<br>Eml\u00e9kez\u00e9s Kapronczay Emilre 257<br>Ezredfordul\u00f3 259<br>Hogy ki volt \u0150? 259<br>45 \u00e9v \u2013 45 dal 261<br>Stenger Gizella 262<br>Juna \u00e9s a V\u00e1ndorzen\u00e9sz 263<br>Kakas t\u00e1nc 277<br>V\u00f6r\u00f6ske \u00e9s az Aranyap\u00f3 280<br>Kit\u00fcntet\u00e9sek 318<br>F\u00e1tyol szobor 319<br>50 \u00e9ves Jubileumi G\u00e1lakoncert 324<br>\u00c9nekesek, akiket k\u00eds\u00e9rtem 327<br>Epil\u00f3gus 327<br>M\u00falik az id\u0151 felettem 330<br>Tartalom 332<br>A k\u00f6nyv szerkezeti fel\u00e9p\u00edt\u00e9se 334<br>H\u00e1tlap 335<\/p>\n","protected":false},"excerpt":{"rendered":"<p>A saj\u00e1tos st\u00edlusban \u00edrt \u00f6n\u00e9letrajzi esem\u00e9nysor, k\u00fcl\u00f6n\u00f6s kort\u00f6rt\u00e9neti jelent\u00e9ssel is b\u00edr, melyeket Bozsogi Attila \u00e9lett\u00f6rt\u00e9net\u00e9nek meg\u00f6r\u00f6k\u00edt\u00e9se c\u00e9lj\u00e1b\u00f3l jegyzett le. Ez a 334 oldalas dokumentum k\u00f6nyv form\u00e1j\u00e1ban is megjelent, amely szem\u00e9lyes hangv\u00e9telben mutatja be a szerz\u0151 \u00e9let\u00e9nek \u00e9s t\u00f6rt\u00e9nelm\u00fcnknek legfontosabb pillanatait, melyek nagyr\u00e9sze egybeforrt Mak\u00f3 mindennapjainak meg\u00f6r\u00f6k\u00edt\u00e9s\u00e9vel is. A fejezeteket olvasva \u00e1tfog\u00f3 k\u00e9pet kapunk teh\u00e1t a &#8230; <a title=\"EML\u00c9KEIM\" class=\"read-more\" href=\"https:\/\/bozsogiattila.hu\/?page_id=1409\" aria-label=\"Tov\u00e1bbiak EML\u00c9KEIM\">Olvass tov\u00e1bb<\/a><\/p>\n","protected":false},"author":1,"featured_media":0,"parent":0,"menu_order":0,"comment_status":"open","ping_status":"closed","template":"","meta":{"footnotes":""},"class_list":["post-1409","page","type-page","status-publish"],"yoast_head":"<!-- This site is optimized with the Yoast SEO plugin v21.8 - https:\/\/yoast.com\/wordpress\/plugins\/seo\/ -->\n<title>EML\u00c9KEIM - Bozsogi Attila<\/title>\n<meta name=\"robots\" content=\"index, follow, max-snippet:-1, max-image-preview:large, max-video-preview:-1\" \/>\n<link rel=\"canonical\" href=\"https:\/\/bozsogiattila.hu\/?page_id=1409\" \/>\n<meta property=\"og:locale\" content=\"hu_HU\" \/>\n<meta property=\"og:type\" content=\"article\" \/>\n<meta property=\"og:title\" content=\"EML\u00c9KEIM - Bozsogi Attila\" \/>\n<meta property=\"og:description\" content=\"A saj\u00e1tos st\u00edlusban \u00edrt \u00f6n\u00e9letrajzi esem\u00e9nysor, k\u00fcl\u00f6n\u00f6s kort\u00f6rt\u00e9neti jelent\u00e9ssel is b\u00edr, melyeket Bozsogi Attila \u00e9lett\u00f6rt\u00e9net\u00e9nek meg\u00f6r\u00f6k\u00edt\u00e9se c\u00e9lj\u00e1b\u00f3l jegyzett le. Ez a 334 oldalas dokumentum k\u00f6nyv form\u00e1j\u00e1ban is megjelent, amely szem\u00e9lyes hangv\u00e9telben mutatja be a szerz\u0151 \u00e9let\u00e9nek \u00e9s t\u00f6rt\u00e9nelm\u00fcnknek legfontosabb pillanatait, melyek nagyr\u00e9sze egybeforrt Mak\u00f3 mindennapjainak meg\u00f6r\u00f6k\u00edt\u00e9s\u00e9vel is. A fejezeteket olvasva \u00e1tfog\u00f3 k\u00e9pet kapunk teh\u00e1t a ... Olvass tov\u00e1bb\" \/>\n<meta property=\"og:url\" content=\"https:\/\/bozsogiattila.hu\/?page_id=1409\" \/>\n<meta property=\"og:site_name\" content=\"Bozsogi Attila\" \/>\n<meta property=\"article:modified_time\" content=\"2024-01-15T19:25:47+00:00\" \/>\n<meta property=\"og:image\" content=\"https:\/\/pd.w.org\/2022\/07\/87262c92d42acd1c3.73206444.jpg\" \/>\n<meta name=\"twitter:card\" content=\"summary_large_image\" \/>\n<meta name=\"twitter:label1\" content=\"Becs\u00fclt olvas\u00e1si id\u0151\" \/>\n\t<meta name=\"twitter:data1\" content=\"3 perc\" \/>\n<script type=\"application\/ld+json\" class=\"yoast-schema-graph\">{\"@context\":\"https:\/\/schema.org\",\"@graph\":[{\"@type\":\"WebPage\",\"@id\":\"https:\/\/bozsogiattila.hu\/?page_id=1409\",\"url\":\"https:\/\/bozsogiattila.hu\/?page_id=1409\",\"name\":\"EML\u00c9KEIM - Bozsogi Attila\",\"isPartOf\":{\"@id\":\"https:\/\/bozsogiattila.hu\/#website\"},\"datePublished\":\"2024-01-14T13:42:30+00:00\",\"dateModified\":\"2024-01-15T19:25:47+00:00\",\"breadcrumb\":{\"@id\":\"https:\/\/bozsogiattila.hu\/?page_id=1409#breadcrumb\"},\"inLanguage\":\"hu\",\"potentialAction\":[{\"@type\":\"ReadAction\",\"target\":[\"https:\/\/bozsogiattila.hu\/?page_id=1409\"]}]},{\"@type\":\"BreadcrumbList\",\"@id\":\"https:\/\/bozsogiattila.hu\/?page_id=1409#breadcrumb\",\"itemListElement\":[{\"@type\":\"ListItem\",\"position\":1,\"name\":\"Kezd\u0151lap\",\"item\":\"https:\/\/bozsogiattila.hu\/\"},{\"@type\":\"ListItem\",\"position\":2,\"name\":\"EML\u00c9KEIM\"}]},{\"@type\":\"WebSite\",\"@id\":\"https:\/\/bozsogiattila.hu\/#website\",\"url\":\"https:\/\/bozsogiattila.hu\/\",\"name\":\"Bozsogi Attila\",\"description\":\"a zen\u00e9sz, \u00edr\u00f3 munk\u00e1ss\u00e1g\u00e1nak \u00e9s a mak\u00f3i muzsikusok eml\u00e9k\u00e9t \u0151rz\u0151 oldal\",\"potentialAction\":[{\"@type\":\"SearchAction\",\"target\":{\"@type\":\"EntryPoint\",\"urlTemplate\":\"https:\/\/bozsogiattila.hu\/?s={search_term_string}\"},\"query-input\":\"required name=search_term_string\"}],\"inLanguage\":\"hu\"}]}<\/script>\n<!-- \/ Yoast SEO plugin. -->","yoast_head_json":{"title":"EML\u00c9KEIM - Bozsogi Attila","robots":{"index":"index","follow":"follow","max-snippet":"max-snippet:-1","max-image-preview":"max-image-preview:large","max-video-preview":"max-video-preview:-1"},"canonical":"https:\/\/bozsogiattila.hu\/?page_id=1409","og_locale":"hu_HU","og_type":"article","og_title":"EML\u00c9KEIM - Bozsogi Attila","og_description":"A saj\u00e1tos st\u00edlusban \u00edrt \u00f6n\u00e9letrajzi esem\u00e9nysor, k\u00fcl\u00f6n\u00f6s kort\u00f6rt\u00e9neti jelent\u00e9ssel is b\u00edr, melyeket Bozsogi Attila \u00e9lett\u00f6rt\u00e9net\u00e9nek meg\u00f6r\u00f6k\u00edt\u00e9se c\u00e9lj\u00e1b\u00f3l jegyzett le. Ez a 334 oldalas dokumentum k\u00f6nyv form\u00e1j\u00e1ban is megjelent, amely szem\u00e9lyes hangv\u00e9telben mutatja be a szerz\u0151 \u00e9let\u00e9nek \u00e9s t\u00f6rt\u00e9nelm\u00fcnknek legfontosabb pillanatait, melyek nagyr\u00e9sze egybeforrt Mak\u00f3 mindennapjainak meg\u00f6r\u00f6k\u00edt\u00e9s\u00e9vel is. A fejezeteket olvasva \u00e1tfog\u00f3 k\u00e9pet kapunk teh\u00e1t a ... Olvass tov\u00e1bb","og_url":"https:\/\/bozsogiattila.hu\/?page_id=1409","og_site_name":"Bozsogi Attila","article_modified_time":"2024-01-15T19:25:47+00:00","og_image":[{"url":"https:\/\/pd.w.org\/2022\/07\/87262c92d42acd1c3.73206444.jpg"}],"twitter_card":"summary_large_image","twitter_misc":{"Becs\u00fclt olvas\u00e1si id\u0151":"3 perc"},"schema":{"@context":"https:\/\/schema.org","@graph":[{"@type":"WebPage","@id":"https:\/\/bozsogiattila.hu\/?page_id=1409","url":"https:\/\/bozsogiattila.hu\/?page_id=1409","name":"EML\u00c9KEIM - Bozsogi Attila","isPartOf":{"@id":"https:\/\/bozsogiattila.hu\/#website"},"datePublished":"2024-01-14T13:42:30+00:00","dateModified":"2024-01-15T19:25:47+00:00","breadcrumb":{"@id":"https:\/\/bozsogiattila.hu\/?page_id=1409#breadcrumb"},"inLanguage":"hu","potentialAction":[{"@type":"ReadAction","target":["https:\/\/bozsogiattila.hu\/?page_id=1409"]}]},{"@type":"BreadcrumbList","@id":"https:\/\/bozsogiattila.hu\/?page_id=1409#breadcrumb","itemListElement":[{"@type":"ListItem","position":1,"name":"Kezd\u0151lap","item":"https:\/\/bozsogiattila.hu\/"},{"@type":"ListItem","position":2,"name":"EML\u00c9KEIM"}]},{"@type":"WebSite","@id":"https:\/\/bozsogiattila.hu\/#website","url":"https:\/\/bozsogiattila.hu\/","name":"Bozsogi Attila","description":"a zen\u00e9sz, \u00edr\u00f3 munk\u00e1ss\u00e1g\u00e1nak \u00e9s a mak\u00f3i muzsikusok eml\u00e9k\u00e9t \u0151rz\u0151 oldal","potentialAction":[{"@type":"SearchAction","target":{"@type":"EntryPoint","urlTemplate":"https:\/\/bozsogiattila.hu\/?s={search_term_string}"},"query-input":"required name=search_term_string"}],"inLanguage":"hu"}]}},"_links":{"self":[{"href":"https:\/\/bozsogiattila.hu\/index.php?rest_route=\/wp\/v2\/pages\/1409","targetHints":{"allow":["GET"]}}],"collection":[{"href":"https:\/\/bozsogiattila.hu\/index.php?rest_route=\/wp\/v2\/pages"}],"about":[{"href":"https:\/\/bozsogiattila.hu\/index.php?rest_route=\/wp\/v2\/types\/page"}],"author":[{"embeddable":true,"href":"https:\/\/bozsogiattila.hu\/index.php?rest_route=\/wp\/v2\/users\/1"}],"replies":[{"embeddable":true,"href":"https:\/\/bozsogiattila.hu\/index.php?rest_route=%2Fwp%2Fv2%2Fcomments&post=1409"}],"version-history":[{"count":40,"href":"https:\/\/bozsogiattila.hu\/index.php?rest_route=\/wp\/v2\/pages\/1409\/revisions"}],"predecessor-version":[{"id":1587,"href":"https:\/\/bozsogiattila.hu\/index.php?rest_route=\/wp\/v2\/pages\/1409\/revisions\/1587"}],"wp:attachment":[{"href":"https:\/\/bozsogiattila.hu\/index.php?rest_route=%2Fwp%2Fv2%2Fmedia&parent=1409"}],"curies":[{"name":"wp","href":"https:\/\/api.w.org\/{rel}","templated":true}]}}