{"id":144,"date":"2024-01-05T21:49:41","date_gmt":"2024-01-05T21:49:41","guid":{"rendered":"https:\/\/bozsogiattila.hu\/?page_id=144"},"modified":"2024-01-05T21:51:08","modified_gmt":"2024-01-05T21:51:08","slug":"biografia","status":"publish","type":"page","link":"https:\/\/bozsogiattila.hu\/?page_id=144","title":{"rendered":"Biogr\u00e1fia"},"content":{"rendered":"\n<h1 class=\"wp-block-heading\"><\/h1>\n\n\n\n<p class=\"wp-block-paragraph\">Bozsogi Attila Mak\u00f3n sz\u00fcletett zen\u00e9sz, zeneszerz\u0151, \u00edr\u00f3, muzsikus, val\u00f3di lok\u00e1lpatri\u00f3ta, apa, nagyapa. Egy let\u0171nt kor tal\u00e1n utols\u00f3 k\u00e9pvisel\u0151je, aki megannyi n\u00f3ta, dalo, vers \u00e9s m\u00e1s pr\u00f3zai munk\u00e1k szerz\u0151je. Eg\u00e9sz \u00e9let\u00e9ben akt\u00edv szerepl\u0151je volt a marosparti v\u00e1ros \u00e9let\u00e9nek.<\/p>\n\n\n\n<figure class=\"wp-block-image size-large\"><img loading=\"lazy\" decoding=\"async\" width=\"1024\" height=\"659\" src=\"https:\/\/bozsogiattila.hu\/wp-content\/uploads\/2024\/01\/apa-harmonika-1-1024x659.jpg\" alt=\"\" class=\"wp-image-102\" srcset=\"https:\/\/bozsogiattila.hu\/wp-content\/uploads\/2024\/01\/apa-harmonika-1-1024x659.jpg 1024w, https:\/\/bozsogiattila.hu\/wp-content\/uploads\/2024\/01\/apa-harmonika-1-300x193.jpg 300w, https:\/\/bozsogiattila.hu\/wp-content\/uploads\/2024\/01\/apa-harmonika-1-768x494.jpg 768w, https:\/\/bozsogiattila.hu\/wp-content\/uploads\/2024\/01\/apa-harmonika-1-1536x989.jpg 1536w, https:\/\/bozsogiattila.hu\/wp-content\/uploads\/2024\/01\/apa-harmonika-1.jpg 1965w\" sizes=\"auto, (max-width: 1024px) 100vw, 1024px\" \/><\/figure>\n\n\n\n<blockquote class=\"wp-block-quote is-layout-flow wp-block-quote-is-layout-flow\">\n<p class=\"wp-block-paragraph\"><em>Munk\u00e1ja r\u00e9v\u00e9n t\u00f6bb gener\u00e1ci\u00f3 \u00e9s persze t\u00f6bbf\u00e9le t\u00e1rsadalmi oszt\u00e1ly szerepl\u0151j\u00e9t j\u00f3l ismerte, j\u00f3 kapcsolatot \u00e1polt a v\u00e1ros jelent\u0151s alakjaival, vezet\u0151ivel. Kedvelte a m\u0171v\u00e9szeteket, az irodalmat \u00e9s a sport\u00e9letet.<\/em><\/p>\n<\/blockquote>\n\n\n\n<p class=\"wp-block-paragraph\">Kiv\u00e1l\u00f3 sportol\u00f3 volt. K\u00f6z\u00e9piskol\u00e1s \u00e9veiben a mak\u00f3i J\u00f3zsef Attila Gimn\u00e1zium torn\u00e1szcsapat\u00e1nak egyik legjobb torn\u00e1sza volt. Orsz\u00e1gos koroszt\u00e1lyos torn\u00e1szbajnoks\u00e1gon az 1950-es \u00e9vekben dobog\u00f3ra \u00e1llhatott gy\u0171r\u0171n \u00e9s l\u00f3leng\u00e9sben. Id\u0151s kor\u00e1ban rendszeresen \u00faszott, 65\u00e9ves kor\u00e1ban m\u00e9g a Balatont is \u00e1t\u00faszta.<\/p>\n\n\n\n<figure class=\"wp-block-image\"><img loading=\"lazy\" decoding=\"async\" width=\"711\" height=\"1024\" src=\"https:\/\/bozsogiattila.hu\/wp-content\/uploads\/2024\/01\/oklevel-torna-711x1024.jpeg\" alt=\"\" class=\"wp-image-123\" srcset=\"https:\/\/bozsogiattila.hu\/wp-content\/uploads\/2024\/01\/oklevel-torna-711x1024.jpeg 711w, https:\/\/bozsogiattila.hu\/wp-content\/uploads\/2024\/01\/oklevel-torna-208x300.jpeg 208w, https:\/\/bozsogiattila.hu\/wp-content\/uploads\/2024\/01\/oklevel-torna-768x1106.jpeg 768w, https:\/\/bozsogiattila.hu\/wp-content\/uploads\/2024\/01\/oklevel-torna-1066x1536.jpeg 1066w, https:\/\/bozsogiattila.hu\/wp-content\/uploads\/2024\/01\/oklevel-torna.jpeg 1080w\" sizes=\"auto, (max-width: 711px) 100vw, 711px\" \/><\/figure>\n\n\n\n<p class=\"wp-block-paragraph\">A mak\u00f3i J\u00f3zsef Attila Gimn\u00e1zium torn\u00e1szcsapata az \u201950-es \u00e9vekben. Tarj\u00e1nyi L\u00e1szl\u00f3 edz\u0151: Siket S\u00e1ndor, Nejkoff Istv\u00e1n, Sonkodi Istv\u00e1n, Kelemen J\u00e1nos, Sonkodi S\u00e1ndor, P\u00e1ndi Imre, H. Kov\u00e1cs Gy\u00f6rgy, Kov\u00e1cs J\u00e1nos, Bozsogi Attila!<\/p>\n\n\n\n<figure class=\"wp-block-image\"><img loading=\"lazy\" decoding=\"async\" width=\"1024\" height=\"752\" src=\"https:\/\/bozsogiattila.hu\/wp-content\/uploads\/2024\/01\/tornasz-cspapt-1024x752.jpeg\" alt=\"\" class=\"wp-image-120\" srcset=\"https:\/\/bozsogiattila.hu\/wp-content\/uploads\/2024\/01\/tornasz-cspapt-1024x752.jpeg 1024w, https:\/\/bozsogiattila.hu\/wp-content\/uploads\/2024\/01\/tornasz-cspapt-300x220.jpeg 300w, https:\/\/bozsogiattila.hu\/wp-content\/uploads\/2024\/01\/tornasz-cspapt-768x564.jpeg 768w, https:\/\/bozsogiattila.hu\/wp-content\/uploads\/2024\/01\/tornasz-cspapt.jpeg 1080w\" sizes=\"auto, (max-width: 1024px) 100vw, 1024px\" \/><\/figure>\n\n\n\n<p class=\"wp-block-paragraph\">Egy kis tornabemutat\u00f3 a Maros-parton:<\/p>\n\n\n\n<figure class=\"wp-block-image\"><img loading=\"lazy\" decoding=\"async\" width=\"1024\" height=\"704\" src=\"https:\/\/bozsogiattila.hu\/wp-content\/uploads\/2024\/01\/kezallas-1024x704.jpeg\" alt=\"\" class=\"wp-image-122\" srcset=\"https:\/\/bozsogiattila.hu\/wp-content\/uploads\/2024\/01\/kezallas-1024x704.jpeg 1024w, https:\/\/bozsogiattila.hu\/wp-content\/uploads\/2024\/01\/kezallas-300x206.jpeg 300w, https:\/\/bozsogiattila.hu\/wp-content\/uploads\/2024\/01\/kezallas-768x528.jpeg 768w, https:\/\/bozsogiattila.hu\/wp-content\/uploads\/2024\/01\/kezallas.jpeg 1080w\" sizes=\"auto, (max-width: 1024px) 100vw, 1024px\" \/><\/figure>\n","protected":false},"excerpt":{"rendered":"<p>Bozsogi Attila Mak\u00f3n sz\u00fcletett zen\u00e9sz, zeneszerz\u0151, \u00edr\u00f3, muzsikus, val\u00f3di lok\u00e1lpatri\u00f3ta, apa, nagyapa. Egy let\u0171nt kor tal\u00e1n utols\u00f3 k\u00e9pvisel\u0151je, aki megannyi n\u00f3ta, dalo, vers \u00e9s m\u00e1s pr\u00f3zai munk\u00e1k szerz\u0151je. Eg\u00e9sz \u00e9let\u00e9ben akt\u00edv szerepl\u0151je volt a marosparti v\u00e1ros \u00e9let\u00e9nek. Munk\u00e1ja r\u00e9v\u00e9n t\u00f6bb gener\u00e1ci\u00f3 \u00e9s persze t\u00f6bbf\u00e9le t\u00e1rsadalmi oszt\u00e1ly szerepl\u0151j\u00e9t j\u00f3l ismerte, j\u00f3 kapcsolatot \u00e1polt a v\u00e1ros jelent\u0151s &#8230; <a title=\"Biogr\u00e1fia\" class=\"read-more\" href=\"https:\/\/bozsogiattila.hu\/?page_id=144\" aria-label=\"Tov\u00e1bbiak Biogr\u00e1fia\">Olvass tov\u00e1bb<\/a><\/p>\n","protected":false},"author":1,"featured_media":0,"parent":0,"menu_order":0,"comment_status":"closed","ping_status":"closed","template":"","meta":{"footnotes":""},"class_list":["post-144","page","type-page","status-publish"],"yoast_head":"<!-- This site is optimized with the Yoast SEO plugin v21.8 - https:\/\/yoast.com\/wordpress\/plugins\/seo\/ -->\n<title>Biogr\u00e1fia - Bozsogi Attila<\/title>\n<meta name=\"robots\" content=\"index, follow, max-snippet:-1, max-image-preview:large, max-video-preview:-1\" \/>\n<link rel=\"canonical\" href=\"https:\/\/bozsogiattila.hu\/?page_id=144\" \/>\n<meta property=\"og:locale\" content=\"hu_HU\" \/>\n<meta property=\"og:type\" content=\"article\" \/>\n<meta property=\"og:title\" content=\"Biogr\u00e1fia - Bozsogi Attila\" \/>\n<meta property=\"og:description\" content=\"Bozsogi Attila Mak\u00f3n sz\u00fcletett zen\u00e9sz, zeneszerz\u0151, \u00edr\u00f3, muzsikus, val\u00f3di lok\u00e1lpatri\u00f3ta, apa, nagyapa. Egy let\u0171nt kor tal\u00e1n utols\u00f3 k\u00e9pvisel\u0151je, aki megannyi n\u00f3ta, dalo, vers \u00e9s m\u00e1s pr\u00f3zai munk\u00e1k szerz\u0151je. Eg\u00e9sz \u00e9let\u00e9ben akt\u00edv szerepl\u0151je volt a marosparti v\u00e1ros \u00e9let\u00e9nek. Munk\u00e1ja r\u00e9v\u00e9n t\u00f6bb gener\u00e1ci\u00f3 \u00e9s persze t\u00f6bbf\u00e9le t\u00e1rsadalmi oszt\u00e1ly szerepl\u0151j\u00e9t j\u00f3l ismerte, j\u00f3 kapcsolatot \u00e1polt a v\u00e1ros jelent\u0151s ... Olvass tov\u00e1bb\" \/>\n<meta property=\"og:url\" content=\"https:\/\/bozsogiattila.hu\/?page_id=144\" \/>\n<meta property=\"og:site_name\" content=\"Bozsogi Attila\" \/>\n<meta property=\"article:modified_time\" content=\"2024-01-05T21:51:08+00:00\" \/>\n<meta property=\"og:image\" content=\"https:\/\/bozsogiattila.hu\/wp-content\/uploads\/2024\/01\/apa-harmonika-1-1024x659.jpg\" \/>\n<meta name=\"twitter:card\" content=\"summary_large_image\" \/>\n<meta name=\"twitter:label1\" content=\"Becs\u00fclt olvas\u00e1si id\u0151\" \/>\n\t<meta name=\"twitter:data1\" content=\"1 perc\" \/>\n<script type=\"application\/ld+json\" class=\"yoast-schema-graph\">{\"@context\":\"https:\/\/schema.org\",\"@graph\":[{\"@type\":\"WebPage\",\"@id\":\"https:\/\/bozsogiattila.hu\/?page_id=144\",\"url\":\"https:\/\/bozsogiattila.hu\/?page_id=144\",\"name\":\"Biogr\u00e1fia - Bozsogi Attila\",\"isPartOf\":{\"@id\":\"https:\/\/bozsogiattila.hu\/#website\"},\"datePublished\":\"2024-01-05T21:49:41+00:00\",\"dateModified\":\"2024-01-05T21:51:08+00:00\",\"breadcrumb\":{\"@id\":\"https:\/\/bozsogiattila.hu\/?page_id=144#breadcrumb\"},\"inLanguage\":\"hu\",\"potentialAction\":[{\"@type\":\"ReadAction\",\"target\":[\"https:\/\/bozsogiattila.hu\/?page_id=144\"]}]},{\"@type\":\"BreadcrumbList\",\"@id\":\"https:\/\/bozsogiattila.hu\/?page_id=144#breadcrumb\",\"itemListElement\":[{\"@type\":\"ListItem\",\"position\":1,\"name\":\"Kezd\u0151lap\",\"item\":\"https:\/\/bozsogiattila.hu\/\"},{\"@type\":\"ListItem\",\"position\":2,\"name\":\"Biogr\u00e1fia\"}]},{\"@type\":\"WebSite\",\"@id\":\"https:\/\/bozsogiattila.hu\/#website\",\"url\":\"https:\/\/bozsogiattila.hu\/\",\"name\":\"Bozsogi Attila\",\"description\":\"a zen\u00e9sz, \u00edr\u00f3 munk\u00e1ss\u00e1g\u00e1nak \u00e9s a mak\u00f3i muzsikusok eml\u00e9k\u00e9t \u0151rz\u0151 oldal\",\"potentialAction\":[{\"@type\":\"SearchAction\",\"target\":{\"@type\":\"EntryPoint\",\"urlTemplate\":\"https:\/\/bozsogiattila.hu\/?s={search_term_string}\"},\"query-input\":\"required name=search_term_string\"}],\"inLanguage\":\"hu\"}]}<\/script>\n<!-- \/ Yoast SEO plugin. -->","yoast_head_json":{"title":"Biogr\u00e1fia - Bozsogi Attila","robots":{"index":"index","follow":"follow","max-snippet":"max-snippet:-1","max-image-preview":"max-image-preview:large","max-video-preview":"max-video-preview:-1"},"canonical":"https:\/\/bozsogiattila.hu\/?page_id=144","og_locale":"hu_HU","og_type":"article","og_title":"Biogr\u00e1fia - Bozsogi Attila","og_description":"Bozsogi Attila Mak\u00f3n sz\u00fcletett zen\u00e9sz, zeneszerz\u0151, \u00edr\u00f3, muzsikus, val\u00f3di lok\u00e1lpatri\u00f3ta, apa, nagyapa. Egy let\u0171nt kor tal\u00e1n utols\u00f3 k\u00e9pvisel\u0151je, aki megannyi n\u00f3ta, dalo, vers \u00e9s m\u00e1s pr\u00f3zai munk\u00e1k szerz\u0151je. Eg\u00e9sz \u00e9let\u00e9ben akt\u00edv szerepl\u0151je volt a marosparti v\u00e1ros \u00e9let\u00e9nek. Munk\u00e1ja r\u00e9v\u00e9n t\u00f6bb gener\u00e1ci\u00f3 \u00e9s persze t\u00f6bbf\u00e9le t\u00e1rsadalmi oszt\u00e1ly szerepl\u0151j\u00e9t j\u00f3l ismerte, j\u00f3 kapcsolatot \u00e1polt a v\u00e1ros jelent\u0151s ... Olvass tov\u00e1bb","og_url":"https:\/\/bozsogiattila.hu\/?page_id=144","og_site_name":"Bozsogi Attila","article_modified_time":"2024-01-05T21:51:08+00:00","og_image":[{"url":"https:\/\/bozsogiattila.hu\/wp-content\/uploads\/2024\/01\/apa-harmonika-1-1024x659.jpg"}],"twitter_card":"summary_large_image","twitter_misc":{"Becs\u00fclt olvas\u00e1si id\u0151":"1 perc"},"schema":{"@context":"https:\/\/schema.org","@graph":[{"@type":"WebPage","@id":"https:\/\/bozsogiattila.hu\/?page_id=144","url":"https:\/\/bozsogiattila.hu\/?page_id=144","name":"Biogr\u00e1fia - Bozsogi Attila","isPartOf":{"@id":"https:\/\/bozsogiattila.hu\/#website"},"datePublished":"2024-01-05T21:49:41+00:00","dateModified":"2024-01-05T21:51:08+00:00","breadcrumb":{"@id":"https:\/\/bozsogiattila.hu\/?page_id=144#breadcrumb"},"inLanguage":"hu","potentialAction":[{"@type":"ReadAction","target":["https:\/\/bozsogiattila.hu\/?page_id=144"]}]},{"@type":"BreadcrumbList","@id":"https:\/\/bozsogiattila.hu\/?page_id=144#breadcrumb","itemListElement":[{"@type":"ListItem","position":1,"name":"Kezd\u0151lap","item":"https:\/\/bozsogiattila.hu\/"},{"@type":"ListItem","position":2,"name":"Biogr\u00e1fia"}]},{"@type":"WebSite","@id":"https:\/\/bozsogiattila.hu\/#website","url":"https:\/\/bozsogiattila.hu\/","name":"Bozsogi Attila","description":"a zen\u00e9sz, \u00edr\u00f3 munk\u00e1ss\u00e1g\u00e1nak \u00e9s a mak\u00f3i muzsikusok eml\u00e9k\u00e9t \u0151rz\u0151 oldal","potentialAction":[{"@type":"SearchAction","target":{"@type":"EntryPoint","urlTemplate":"https:\/\/bozsogiattila.hu\/?s={search_term_string}"},"query-input":"required name=search_term_string"}],"inLanguage":"hu"}]}},"_links":{"self":[{"href":"https:\/\/bozsogiattila.hu\/index.php?rest_route=\/wp\/v2\/pages\/144","targetHints":{"allow":["GET"]}}],"collection":[{"href":"https:\/\/bozsogiattila.hu\/index.php?rest_route=\/wp\/v2\/pages"}],"about":[{"href":"https:\/\/bozsogiattila.hu\/index.php?rest_route=\/wp\/v2\/types\/page"}],"author":[{"embeddable":true,"href":"https:\/\/bozsogiattila.hu\/index.php?rest_route=\/wp\/v2\/users\/1"}],"replies":[{"embeddable":true,"href":"https:\/\/bozsogiattila.hu\/index.php?rest_route=%2Fwp%2Fv2%2Fcomments&post=144"}],"version-history":[{"count":2,"href":"https:\/\/bozsogiattila.hu\/index.php?rest_route=\/wp\/v2\/pages\/144\/revisions"}],"predecessor-version":[{"id":147,"href":"https:\/\/bozsogiattila.hu\/index.php?rest_route=\/wp\/v2\/pages\/144\/revisions\/147"}],"wp:attachment":[{"href":"https:\/\/bozsogiattila.hu\/index.php?rest_route=%2Fwp%2Fv2%2Fmedia&parent=144"}],"curies":[{"name":"wp","href":"https:\/\/api.w.org\/{rel}","templated":true}]}}