{"id":2,"date":"2024-01-03T11:47:48","date_gmt":"2024-01-03T11:47:48","guid":{"rendered":"https:\/\/bozsogiattila.hu\/?page_id=2"},"modified":"2024-01-16T18:27:35","modified_gmt":"2024-01-16T18:27:35","slug":"sample-page","status":"publish","type":"page","link":"https:\/\/bozsogiattila.hu\/","title":{"rendered":"Bozsogi Attila kezd\u0151oldal"},"content":{"rendered":"\n<div class=\"wp-block-media-text is-stacked-on-mobile\"><figure class=\"wp-block-media-text__media\"><img loading=\"lazy\" decoding=\"async\" width=\"807\" height=\"1024\" src=\"https:\/\/bozsogiattila.hu\/wp-content\/uploads\/2024\/01\/Kepernyofoto-2024-01-05-23.13.48-807x1024.jpg\" alt=\"\" class=\"wp-image-160 size-full\" srcset=\"https:\/\/bozsogiattila.hu\/wp-content\/uploads\/2024\/01\/Kepernyofoto-2024-01-05-23.13.48-807x1024.jpg 807w, https:\/\/bozsogiattila.hu\/wp-content\/uploads\/2024\/01\/Kepernyofoto-2024-01-05-23.13.48-237x300.jpg 237w, https:\/\/bozsogiattila.hu\/wp-content\/uploads\/2024\/01\/Kepernyofoto-2024-01-05-23.13.48-768x974.jpg 768w, https:\/\/bozsogiattila.hu\/wp-content\/uploads\/2024\/01\/Kepernyofoto-2024-01-05-23.13.48-1211x1536.jpg 1211w, https:\/\/bozsogiattila.hu\/wp-content\/uploads\/2024\/01\/Kepernyofoto-2024-01-05-23.13.48.jpg 1514w\" sizes=\"auto, (max-width: 807px) 100vw, 807px\" \/><\/figure><div class=\"wp-block-media-text__content\">\n<p class=\"wp-block-paragraph\" style=\"font-size:18px\">Bozsogi Attila Mak\u00f3n sz\u00fcletett zen\u00e9sz, zeneszerz\u0151, \u00edr\u00f3, muzsikus, lok\u00e1lpatri\u00f3ta, apa, nagyapa. Egy let\u0171nt kor tal\u00e1n utols\u00f3 k\u00e9pvisel\u0151je, aki megannyi n\u00f3ta, dal, <a href=\"https:\/\/bozsogiattila.hu\/?cat=4\">vers <\/a>\u00e9s m\u00e1s pr\u00f3zai munka szerz\u0151je. <\/p>\n\n\n\n<p class=\"wp-block-paragraph\" style=\"font-size:18px\">Eg\u00e9sz \u00e9let\u00e9ben akt\u00edv szerepl\u0151je volt a marosparti v\u00e1ros \u00e9let\u00e9nek, ahol nagy \u0171rt hagyott maga ut\u00e1n 2023-as hal\u00e1l\u00e1t k\u00f6vet\u0151en. <strong>Ez az oldal munk\u00e1ss\u00e1ga el\u0151tt k\u00edv\u00e1n ad\u00f3zni \u00e9s meg\u0151rizni annak a lelk\u00fcletnek legal\u00e1bb egy kis szeglet\u00e9t amit vallott. Bemutatjuk t\u00f6bb sz\u00e1z publik\u00e1ci\u00f3j\u00e1t, verseket, t\u00f6rt\u00e9neteket, dallamokat \u00e9s mindazt a m\u00e9rhetetlen\u00fcl gazdag \u00e9rt\u00e9ket amit saj\u00e1t maga jegyzet, amit \u00f6r\u00f6k\u00fcl sz\u00e1nt az ut\u00f3kornak.<\/strong><\/p>\n<\/div><\/div>\n\n\n\n<blockquote class=\"wp-block-quote is-layout-flow wp-block-quote-is-layout-flow\">\n<p class=\"wp-block-paragraph\" style=\"font-size:42px;font-style:normal;font-weight:100\">&nbsp;\u201eAki a zen\u00e9t szereti, rossz ember nem lehet\u201d<\/p>\n<\/blockquote>\n\n\n\n<pre class=\"wp-block-verse has-medium-font-size\">Eg\u00e9sz \u00e9let\u00e9ben szerette volna meg\u00f6r\u00f6k\u00edteni annak a let\u0171nt kornak az eml\u00e9k\u00e9t melyet r\u00e9szben m\u00e1r \u0151 is csak elbesz\u00e9l\u00e9sekb\u0151l ismert \u00e9s bemutatni azokat akik fontos szerepl\u0151i voltak a vil\u00e1gnak melyben \u0151 \u00e9lt \u00e9s alkotott.<\/pre>\n\n\n\n<blockquote class=\"wp-block-quote is-layout-flow wp-block-quote-is-layout-flow\" style=\"font-style:normal;font-weight:100\">\n<p class=\"wp-block-paragraph\" style=\"font-size:59px\">\u201eA c\u00e9lom nem siker hajh\u00e1sz\u00e1sa&#8221;<\/p>\n<\/blockquote>\n\n\n\n<p class=\"has-medium-font-size wp-block-paragraph\"><strong>Szellemi hagyat\u00e9ka kapcs\u00e1n nek\u00fcnk nem lehet m\u00e1s c\u00e9lunk, minthogy m\u00e9lt\u00f3k\u00e9pp meg\u0151rizz\u00fck \u00e9s tov\u00e1bbadjuk az \u00e9rt\u00e9ket amit megteremtett nek\u00fcnk. <\/strong><\/p>\n\n\n\n<p class=\"has-medium-font-size wp-block-paragraph\">Akt\u00edv \u00e9letet \u00e9lt, amelyben nagy hangs\u00falyt kaptak a m\u0171v\u00e9szetek, az irodalom, a t\u00e1rsas\u00e1gi \u00e9let \u00e9s legf\u0151k\u00e9pp a muzsika. Saj\u00e1t szerzem\u00e9nyeiben -n\u00f3t\u00e1kban, versekben, vagy tanulm\u00e1nyokban &#8211; gyakran \u00f6r\u00f6k\u00edtette a hozz\u00e1 k\u00f6zel \u00e1ll\u00f3 szem\u00e9lyeket, vagy \u00edrt.<br><\/p>\n\n\n\n<pre class=\"wp-block-verse has-large-font-size\">\u00cdgy v\u00e1lik ez az oldal nem csak Bozsogi Attila, hanem a valaha volt \u00f6sszes mak\u00f3i zen\u00e9sz hagyat\u00e9k\u00e1v\u00e1.<\/pre>\n\n\n\n<div class=\"wp-block-columns alignwide are-vertically-aligned-top is-layout-flex wp-container-core-columns-is-layout-7013ed20 wp-block-columns-is-layout-flex\">\n<div class=\"wp-block-column is-vertically-aligned-top is-layout-flow wp-block-column-is-layout-flow\">\n<div class=\"wp-block-group wp-container-content-231d8afb is-vertical is-content-justification-left is-nowrap is-layout-flex wp-container-core-group-is-layout-bffe1d66 wp-block-group-is-layout-flex\" style=\"margin-top:0;margin-bottom:0\">\n<figure data-wp-context=\"{&quot;imageId&quot;:&quot;6a97b4be183e3&quot;}\" data-wp-interactive=\"core\/image\" data-wp-key=\"6a97b4be183e3\" class=\"wp-block-image size-large wp-container-content-0733e5d0 wp-lightbox-container\"><img loading=\"lazy\" decoding=\"async\" width=\"647\" height=\"1024\" data-wp-class--hide=\"state.isContentHidden\" data-wp-class--show=\"state.isContentVisible\" data-wp-init=\"callbacks.setButtonStyles\" data-wp-on--click=\"actions.showLightbox\" data-wp-on--load=\"callbacks.setButtonStyles\" data-wp-on--pointerdown=\"actions.preloadImage\" data-wp-on--pointerenter=\"actions.preloadImageWithDelay\" data-wp-on--pointerleave=\"actions.cancelPreload\" data-wp-on-window--resize=\"callbacks.setButtonStyles\" src=\"https:\/\/bozsogiattila.hu\/wp-content\/uploads\/2024\/01\/negyeves-647x1024.jpeg\" alt=\"\" class=\"wp-image-152\" srcset=\"https:\/\/bozsogiattila.hu\/wp-content\/uploads\/2024\/01\/negyeves-647x1024.jpeg 647w, https:\/\/bozsogiattila.hu\/wp-content\/uploads\/2024\/01\/negyeves-190x300.jpeg 190w, https:\/\/bozsogiattila.hu\/wp-content\/uploads\/2024\/01\/negyeves-768x1216.jpeg 768w, https:\/\/bozsogiattila.hu\/wp-content\/uploads\/2024\/01\/negyeves-971x1536.jpeg 971w, https:\/\/bozsogiattila.hu\/wp-content\/uploads\/2024\/01\/negyeves.jpeg 1294w\" sizes=\"auto, (max-width: 647px) 100vw, 647px\" \/><button\n\t\t\tclass=\"lightbox-trigger\"\n\t\t\ttype=\"button\"\n\t\t\taria-haspopup=\"dialog\"\n\t\t\tdata-wp-bind--aria-label=\"state.thisImage.triggerButtonAriaLabel\"\n\t\t\tdata-wp-init=\"callbacks.initTriggerButton\"\n\t\t\tdata-wp-on--click=\"actions.showLightbox\"\n\t\t\tdata-wp-style--right=\"state.thisImage.buttonRight\"\n\t\t\tdata-wp-style--top=\"state.thisImage.buttonTop\"\n\t\t>\n\t\t\t<svg xmlns=\"http:\/\/www.w3.org\/2000\/svg\" width=\"12\" height=\"12\" fill=\"none\" viewBox=\"0 0 12 12\">\n\t\t\t\t<path fill=\"#fff\" d=\"M2 0a2 2 0 0 0-2 2v2h1.5V2a.5.5 0 0 1 .5-.5h2V0H2Zm2 10.5H2a.5.5 0 0 1-.5-.5V8H0v2a2 2 0 0 0 2 2h2v-1.5ZM8 12v-1.5h2a.5.5 0 0 0 .5-.5V8H12v2a2 2 0 0 1-2 2H8Zm2-12a2 2 0 0 1 2 2v2h-1.5V2a.5.5 0 0 0-.5-.5H8V0h2Z\" \/>\n\t\t\t<\/svg>\n\t\t<\/button><\/figure>\n\n\n\n<div class=\"wp-block-group is-vertical is-nowrap is-layout-flex wp-container-core-group-is-layout-c4a74fe4 wp-block-group-is-layout-flex\">\n<p class=\"has-medium-font-size wp-block-paragraph\"><strong>1942<\/strong><\/p>\n\n\n\n<p class=\"has-small-font-size wp-block-paragraph\">N\u00e9gy \u00e9vesen<\/p>\n<\/div>\n<\/div>\n<\/div>\n\n\n\n<div class=\"wp-block-column is-vertically-aligned-top is-layout-flow wp-block-column-is-layout-flow\">\n<div class=\"wp-block-group wp-container-content-231d8afb is-vertical is-layout-flex wp-container-core-group-is-layout-50ced779 wp-block-group-is-layout-flex\" style=\"margin-top:0;margin-bottom:0\">\n<div class=\"wp-block-group is-vertical is-nowrap is-layout-flex wp-container-core-group-is-layout-c4a74fe4 wp-block-group-is-layout-flex\">\n<div style=\"height:0px\" aria-hidden=\"true\" class=\"wp-block-spacer wp-container-content-f96796aa\"><\/div>\n\n\n\n<p class=\"has-medium-font-size wp-block-paragraph\"><strong>1963<\/strong><\/p>\n\n\n\n<p class=\"has-small-font-size wp-block-paragraph\">24 \u00e9vesen<\/p>\n<\/div>\n\n\n\n<figure class=\"wp-block-image size-large\" style=\"font-size:14px\"><img loading=\"lazy\" decoding=\"async\" width=\"807\" height=\"1024\" src=\"https:\/\/bozsogiattila.hu\/wp-content\/uploads\/2024\/01\/Kepernyofoto-2024-01-05-23.13.48-807x1024.jpg\" alt=\"\" class=\"wp-image-160\" srcset=\"https:\/\/bozsogiattila.hu\/wp-content\/uploads\/2024\/01\/Kepernyofoto-2024-01-05-23.13.48-807x1024.jpg 807w, https:\/\/bozsogiattila.hu\/wp-content\/uploads\/2024\/01\/Kepernyofoto-2024-01-05-23.13.48-237x300.jpg 237w, https:\/\/bozsogiattila.hu\/wp-content\/uploads\/2024\/01\/Kepernyofoto-2024-01-05-23.13.48-768x974.jpg 768w, https:\/\/bozsogiattila.hu\/wp-content\/uploads\/2024\/01\/Kepernyofoto-2024-01-05-23.13.48-1211x1536.jpg 1211w, https:\/\/bozsogiattila.hu\/wp-content\/uploads\/2024\/01\/Kepernyofoto-2024-01-05-23.13.48.jpg 1514w\" sizes=\"auto, (max-width: 807px) 100vw, 807px\" \/><\/figure>\n<\/div>\n<\/div>\n<\/div>\n\n\n\n<div class=\"wp-block-cover is-light\"><span aria-hidden=\"true\" class=\"wp-block-cover__background has-background-dim-10 has-background-dim\"><\/span><img loading=\"lazy\" decoding=\"async\" width=\"1024\" height=\"877\" class=\"wp-block-cover__image-background wp-image-154\" alt=\"\" src=\"https:\/\/bozsogiattila.hu\/wp-content\/uploads\/2024\/01\/egyuttes-1024x877.jpeg\" style=\"object-position:54% 9%\" data-object-fit=\"cover\" data-object-position=\"54% 9%\" srcset=\"https:\/\/bozsogiattila.hu\/wp-content\/uploads\/2024\/01\/egyuttes-1024x877.jpeg 1024w, https:\/\/bozsogiattila.hu\/wp-content\/uploads\/2024\/01\/egyuttes-300x257.jpeg 300w, https:\/\/bozsogiattila.hu\/wp-content\/uploads\/2024\/01\/egyuttes-768x658.jpeg 768w, https:\/\/bozsogiattila.hu\/wp-content\/uploads\/2024\/01\/egyuttes-1536x1316.jpeg 1536w, https:\/\/bozsogiattila.hu\/wp-content\/uploads\/2024\/01\/egyuttes.jpeg 1866w\" sizes=\"auto, (max-width: 1024px) 100vw, 1024px\" \/><div class=\"wp-block-cover__inner-container is-layout-flow wp-block-cover-is-layout-flow\">\n<p class=\"has-text-align-center has-large-font-size wp-block-paragraph\"><\/p>\n<\/div><\/div>\n\n\n\n<p class=\"has-small-font-size wp-block-paragraph\"><strong>TRI\u00d3<\/strong><br>a hajdani F\u00fczes-cs\u00e1rd\u00e1ban<\/p>\n","protected":false},"excerpt":{"rendered":"<p>Bozsogi Attila Mak\u00f3n sz\u00fcletett zen\u00e9sz, zeneszerz\u0151, \u00edr\u00f3, muzsikus, lok\u00e1lpatri\u00f3ta, apa, nagyapa. Egy let\u0171nt kor tal\u00e1n utols\u00f3 k\u00e9pvisel\u0151je, aki megannyi n\u00f3ta, dal, vers \u00e9s m\u00e1s pr\u00f3zai munka szerz\u0151je. Eg\u00e9sz \u00e9let\u00e9ben akt\u00edv szerepl\u0151je volt a marosparti v\u00e1ros \u00e9let\u00e9nek, ahol nagy \u0171rt hagyott maga ut\u00e1n 2023-as hal\u00e1l\u00e1t k\u00f6vet\u0151en. Ez az oldal munk\u00e1ss\u00e1ga el\u0151tt k\u00edv\u00e1n ad\u00f3zni \u00e9s meg\u0151rizni annak &#8230; <a title=\"Bozsogi Attila kezd\u0151oldal\" class=\"read-more\" href=\"https:\/\/bozsogiattila.hu\/\" aria-label=\"Tov\u00e1bbiak Bozsogi Attila kezd\u0151oldal\">Olvass tov\u00e1bb<\/a><\/p>\n","protected":false},"author":1,"featured_media":0,"parent":0,"menu_order":0,"comment_status":"closed","ping_status":"open","template":"","meta":{"footnotes":""},"class_list":["post-2","page","type-page","status-publish"],"yoast_head":"<!-- This site is optimized with the Yoast SEO plugin v21.8 - https:\/\/yoast.com\/wordpress\/plugins\/seo\/ -->\n<title>Bozsogi Attila kezd\u0151oldal - Bozsogi Attila<\/title>\n<meta name=\"description\" content=\"Bozsogi Attila Mak\u00f3n sz\u00fcletett zen\u00e9sz, zeneszerz\u0151, \u00edr\u00f3, muzsikus, lok\u00e1lpatri\u00f3ta, apa, nagyapa. Egy let\u0171nt kor tal\u00e1n utols\u00f3 k\u00e9pvisel\u0151je, aki megannyi n\u00f3ta, dal, vers \u00e9s m\u00e1s pr\u00f3zai munka szerz\u0151je.\" \/>\n<meta name=\"robots\" content=\"index, follow, max-snippet:-1, max-image-preview:large, max-video-preview:-1\" \/>\n<link rel=\"canonical\" href=\"https:\/\/bozsogiattila.hu\/\" \/>\n<meta property=\"og:locale\" content=\"hu_HU\" \/>\n<meta property=\"og:type\" content=\"article\" \/>\n<meta property=\"og:title\" content=\"Bozsogi Attila kezd\u0151oldal - Bozsogi Attila\" \/>\n<meta property=\"og:description\" content=\"Bozsogi Attila Mak\u00f3n sz\u00fcletett zen\u00e9sz, zeneszerz\u0151, \u00edr\u00f3, muzsikus, lok\u00e1lpatri\u00f3ta, apa, nagyapa. Egy let\u0171nt kor tal\u00e1n utols\u00f3 k\u00e9pvisel\u0151je, aki megannyi n\u00f3ta, dal, vers \u00e9s m\u00e1s pr\u00f3zai munka szerz\u0151je.\" \/>\n<meta property=\"og:url\" content=\"https:\/\/bozsogiattila.hu\/\" \/>\n<meta property=\"og:site_name\" content=\"Bozsogi Attila\" \/>\n<meta property=\"article:modified_time\" content=\"2024-01-16T18:27:35+00:00\" \/>\n<meta property=\"og:image\" content=\"https:\/\/bozsogiattila.hu\/wp-content\/uploads\/2024\/01\/Kepernyofoto-2024-01-05-23.13.48-807x1024.jpg\" \/>\n<meta name=\"twitter:card\" content=\"summary_large_image\" \/>\n<meta name=\"twitter:label1\" content=\"Becs\u00fclt olvas\u00e1si id\u0151\" \/>\n\t<meta name=\"twitter:data1\" content=\"2 perc\" \/>\n<script type=\"application\/ld+json\" class=\"yoast-schema-graph\">{\"@context\":\"https:\/\/schema.org\",\"@graph\":[{\"@type\":\"WebPage\",\"@id\":\"https:\/\/bozsogiattila.hu\/\",\"url\":\"https:\/\/bozsogiattila.hu\/\",\"name\":\"Bozsogi Attila kezd\u0151oldal - Bozsogi Attila\",\"isPartOf\":{\"@id\":\"https:\/\/bozsogiattila.hu\/#website\"},\"datePublished\":\"2024-01-03T11:47:48+00:00\",\"dateModified\":\"2024-01-16T18:27:35+00:00\",\"description\":\"Bozsogi Attila Mak\u00f3n sz\u00fcletett zen\u00e9sz, zeneszerz\u0151, \u00edr\u00f3, muzsikus, lok\u00e1lpatri\u00f3ta, apa, nagyapa. Egy let\u0171nt kor tal\u00e1n utols\u00f3 k\u00e9pvisel\u0151je, aki megannyi n\u00f3ta, dal, vers \u00e9s m\u00e1s pr\u00f3zai munka szerz\u0151je.\",\"breadcrumb\":{\"@id\":\"https:\/\/bozsogiattila.hu\/#breadcrumb\"},\"inLanguage\":\"hu\",\"potentialAction\":[{\"@type\":\"ReadAction\",\"target\":[\"https:\/\/bozsogiattila.hu\/\"]}]},{\"@type\":\"BreadcrumbList\",\"@id\":\"https:\/\/bozsogiattila.hu\/#breadcrumb\",\"itemListElement\":[{\"@type\":\"ListItem\",\"position\":1,\"name\":\"Kezd\u0151lap\",\"item\":\"https:\/\/bozsogiattila.hu\/\"},{\"@type\":\"ListItem\",\"position\":2,\"name\":\"Bozsogi Attila kezd\u0151oldal\"}]},{\"@type\":\"WebSite\",\"@id\":\"https:\/\/bozsogiattila.hu\/#website\",\"url\":\"https:\/\/bozsogiattila.hu\/\",\"name\":\"Bozsogi Attila\",\"description\":\"a zen\u00e9sz, \u00edr\u00f3 munk\u00e1ss\u00e1g\u00e1nak \u00e9s a mak\u00f3i muzsikusok eml\u00e9k\u00e9t \u0151rz\u0151 oldal\",\"potentialAction\":[{\"@type\":\"SearchAction\",\"target\":{\"@type\":\"EntryPoint\",\"urlTemplate\":\"https:\/\/bozsogiattila.hu\/?s={search_term_string}\"},\"query-input\":\"required name=search_term_string\"}],\"inLanguage\":\"hu\"}]}<\/script>\n<!-- \/ Yoast SEO plugin. -->","yoast_head_json":{"title":"Bozsogi Attila kezd\u0151oldal - Bozsogi Attila","description":"Bozsogi Attila Mak\u00f3n sz\u00fcletett zen\u00e9sz, zeneszerz\u0151, \u00edr\u00f3, muzsikus, lok\u00e1lpatri\u00f3ta, apa, nagyapa. Egy let\u0171nt kor tal\u00e1n utols\u00f3 k\u00e9pvisel\u0151je, aki megannyi n\u00f3ta, dal, vers \u00e9s m\u00e1s pr\u00f3zai munka szerz\u0151je.","robots":{"index":"index","follow":"follow","max-snippet":"max-snippet:-1","max-image-preview":"max-image-preview:large","max-video-preview":"max-video-preview:-1"},"canonical":"https:\/\/bozsogiattila.hu\/","og_locale":"hu_HU","og_type":"article","og_title":"Bozsogi Attila kezd\u0151oldal - Bozsogi Attila","og_description":"Bozsogi Attila Mak\u00f3n sz\u00fcletett zen\u00e9sz, zeneszerz\u0151, \u00edr\u00f3, muzsikus, lok\u00e1lpatri\u00f3ta, apa, nagyapa. Egy let\u0171nt kor tal\u00e1n utols\u00f3 k\u00e9pvisel\u0151je, aki megannyi n\u00f3ta, dal, vers \u00e9s m\u00e1s pr\u00f3zai munka szerz\u0151je.","og_url":"https:\/\/bozsogiattila.hu\/","og_site_name":"Bozsogi Attila","article_modified_time":"2024-01-16T18:27:35+00:00","og_image":[{"url":"https:\/\/bozsogiattila.hu\/wp-content\/uploads\/2024\/01\/Kepernyofoto-2024-01-05-23.13.48-807x1024.jpg"}],"twitter_card":"summary_large_image","twitter_misc":{"Becs\u00fclt olvas\u00e1si id\u0151":"2 perc"},"schema":{"@context":"https:\/\/schema.org","@graph":[{"@type":"WebPage","@id":"https:\/\/bozsogiattila.hu\/","url":"https:\/\/bozsogiattila.hu\/","name":"Bozsogi Attila kezd\u0151oldal - Bozsogi Attila","isPartOf":{"@id":"https:\/\/bozsogiattila.hu\/#website"},"datePublished":"2024-01-03T11:47:48+00:00","dateModified":"2024-01-16T18:27:35+00:00","description":"Bozsogi Attila Mak\u00f3n sz\u00fcletett zen\u00e9sz, zeneszerz\u0151, \u00edr\u00f3, muzsikus, lok\u00e1lpatri\u00f3ta, apa, nagyapa. Egy let\u0171nt kor tal\u00e1n utols\u00f3 k\u00e9pvisel\u0151je, aki megannyi n\u00f3ta, dal, vers \u00e9s m\u00e1s pr\u00f3zai munka szerz\u0151je.","breadcrumb":{"@id":"https:\/\/bozsogiattila.hu\/#breadcrumb"},"inLanguage":"hu","potentialAction":[{"@type":"ReadAction","target":["https:\/\/bozsogiattila.hu\/"]}]},{"@type":"BreadcrumbList","@id":"https:\/\/bozsogiattila.hu\/#breadcrumb","itemListElement":[{"@type":"ListItem","position":1,"name":"Kezd\u0151lap","item":"https:\/\/bozsogiattila.hu\/"},{"@type":"ListItem","position":2,"name":"Bozsogi Attila kezd\u0151oldal"}]},{"@type":"WebSite","@id":"https:\/\/bozsogiattila.hu\/#website","url":"https:\/\/bozsogiattila.hu\/","name":"Bozsogi Attila","description":"a zen\u00e9sz, \u00edr\u00f3 munk\u00e1ss\u00e1g\u00e1nak \u00e9s a mak\u00f3i muzsikusok eml\u00e9k\u00e9t \u0151rz\u0151 oldal","potentialAction":[{"@type":"SearchAction","target":{"@type":"EntryPoint","urlTemplate":"https:\/\/bozsogiattila.hu\/?s={search_term_string}"},"query-input":"required name=search_term_string"}],"inLanguage":"hu"}]}},"_links":{"self":[{"href":"https:\/\/bozsogiattila.hu\/index.php?rest_route=\/wp\/v2\/pages\/2","targetHints":{"allow":["GET"]}}],"collection":[{"href":"https:\/\/bozsogiattila.hu\/index.php?rest_route=\/wp\/v2\/pages"}],"about":[{"href":"https:\/\/bozsogiattila.hu\/index.php?rest_route=\/wp\/v2\/types\/page"}],"author":[{"embeddable":true,"href":"https:\/\/bozsogiattila.hu\/index.php?rest_route=\/wp\/v2\/users\/1"}],"replies":[{"embeddable":true,"href":"https:\/\/bozsogiattila.hu\/index.php?rest_route=%2Fwp%2Fv2%2Fcomments&post=2"}],"version-history":[{"count":30,"href":"https:\/\/bozsogiattila.hu\/index.php?rest_route=\/wp\/v2\/pages\/2\/revisions"}],"predecessor-version":[{"id":1593,"href":"https:\/\/bozsogiattila.hu\/index.php?rest_route=\/wp\/v2\/pages\/2\/revisions\/1593"}],"wp:attachment":[{"href":"https:\/\/bozsogiattila.hu\/index.php?rest_route=%2Fwp%2Fv2%2Fmedia&parent=2"}],"curies":[{"name":"wp","href":"https:\/\/api.w.org\/{rel}","templated":true}]}}